{"id":1912,"date":"2025-11-23T10:34:07","date_gmt":"2025-11-23T10:34:07","guid":{"rendered":"https:\/\/www.erreagiardini.it\/systemes-declairage\/"},"modified":"2026-01-22T13:44:58","modified_gmt":"2026-01-22T13:44:58","slug":"systemes-declairage","status":"publish","type":"page","link":"https:\/\/www.erreagiardini.it\/fr\/systemes-declairage\/","title":{"rendered":"Syst\u00e8mes d&rsquo;\u00e9clairage"},"content":{"rendered":"\t\t<div data-elementor-type=\"wp-page\" data-elementor-id=\"1912\" class=\"elementor elementor-1912 elementor-1150\" data-elementor-post-type=\"page\">\n\t\t\t\t<div class=\"elementor-element elementor-element-5d90ef10 e-flex e-con-boxed e-con e-parent\" data-id=\"5d90ef10\" data-element_type=\"container\">\n\t\t\t\t\t<div class=\"e-con-inner\">\n\t\t\t\t<div class=\"elementor-element elementor-element-1b6d80fc elementor-widget elementor-widget-image\" data-id=\"1b6d80fc\" data-element_type=\"widget\" data-widget_type=\"image.default\">\n\t\t\t\t\t\t\t\t\t\t\t\t\t\t\t<img decoding=\"async\" src=\"https:\/\/www.erreagiardini.it\/wp-content\/uploads\/elementor\/thumbs\/IMG-20230503-WA0046-rf4qqm2m7emev97gm0h1gqbitrtagl7zn1qhynm974.jpg\" title=\"Installation de pergola et syst\u00e8me d\u2019\u00e9clairage ext\u00e9rieur pour copropri\u00e9t\u00e9 \u00e0 Imperia\" alt=\"Installation de pergola et syst\u00e8me d&apos;\u00e9clairage ext\u00e9rieur pour copropri\u00e9t\u00e9 \u00e0 Imperia\" loading=\"lazy\" \/>\t\t\t\t\t\t\t\t\t\t\t\t\t\t\t<\/div>\n\t\t\t\t\t<\/div>\n\t\t\t\t<\/div>\n\t\t<div class=\"elementor-element elementor-element-7f20ff5d e-flex e-con-boxed e-con e-parent\" data-id=\"7f20ff5d\" data-element_type=\"container\">\n\t\t\t\t\t<div class=\"e-con-inner\">\n\t\t<div class=\"elementor-element elementor-element-7dfe58d3 e-con-full e-flex e-con e-child\" data-id=\"7dfe58d3\" data-element_type=\"container\">\n\t\t<div class=\"elementor-element elementor-element-50ffa468 e-con-full e-flex e-con e-child\" data-id=\"50ffa468\" data-element_type=\"container\">\n\t\t\t\t<div class=\"elementor-element elementor-element-6a4ba7b5 elementor-widget elementor-widget-heading\" data-id=\"6a4ba7b5\" data-element_type=\"widget\" data-widget_type=\"heading.default\">\n\t\t\t\t\t<h1 class=\"elementor-heading-title elementor-size-default\">\u00c9clairage ext\u00e9rieur<\/h1>\t\t\t\t<\/div>\n\t\t\t\t<\/div>\n\t\t\t\t<\/div>\n\t\t<div class=\"elementor-element elementor-element-37c8afa9 e-con-full e-flex e-con e-child\" data-id=\"37c8afa9\" data-element_type=\"container\">\n\t\t\t\t<div class=\"elementor-element elementor-element-693fbe7c elementor-widget elementor-widget-heading\" data-id=\"693fbe7c\" data-element_type=\"widget\" data-widget_type=\"heading.default\">\n\t\t\t\t\t<h4 class=\"elementor-heading-title elementor-size-default\">La conception et l'installation de l'\u00e9clairage pour les espaces ext\u00e9rieurs constituent la premi\u00e8re \u00e9tape pour valoriser les espaces outdoor, garantissant fonctionnalit\u00e9, s\u00e9curit\u00e9 et ambiance.<\/h4>\t\t\t\t<\/div>\n\t\t\t\t<\/div>\n\t\t\t\t\t<\/div>\n\t\t\t\t<\/div>\n\t\t<div class=\"elementor-element elementor-element-333c016d e-flex e-con-boxed e-con e-parent\" data-id=\"333c016d\" data-element_type=\"container\">\n\t\t\t\t\t<div class=\"e-con-inner\">\n\t\t\t\t<div class=\"elementor-element elementor-element-1b7f2bde elementor-widget elementor-widget-text-editor\" data-id=\"1b7f2bde\" data-element_type=\"widget\" data-widget_type=\"text-editor.default\">\n\t\t\t\t\t\t\t\t\t<p>La conception d&rsquo;un syst\u00e8me d&rsquo;\u00e9clairage ext\u00e9rieur n\u00e9cessite des <strong>comp\u00e9tences techniques avanc\u00e9es<\/strong>, une connaissance approfondie des solutions lumineuses et une vision esth\u00e9tique capable de transformer chaque espace ext\u00e9rieur en un environnement <strong>accueillant, s\u00e9curis\u00e9 et sc\u00e9nographique<\/strong>. Gr\u00e2ce \u00e0 notre exp\u00e9rience acquise sur le territoire, nous sommes en mesure d&rsquo;\u00e9valuer avec pr\u00e9cision l&rsquo;adaptation des diff\u00e9rentes technologies aux <strong>conditions climatiques et paysag\u00e8res locales<\/strong>, en g\u00e9rant les \u00e9ventuelles difficult\u00e9s telles que les zones difficiles \u00e0 \u00e9clairer, les consommations \u00e9lev\u00e9es ou les besoins d&rsquo;int\u00e9gration avec la v\u00e9g\u00e9tation existante.<\/p><p>Notre travail allie <strong>fonctionnalit\u00e9 et design<\/strong> : nous \u00e9coutons les besoins du client, analysons le contexte et concevons une solution lumineuse qui refl\u00e8te son style, garantissant dans le temps <strong>efficacit\u00e9, \u00e9conomies d&rsquo;\u00e9nergie et une esth\u00e9tique soign\u00e9e<\/strong>.<\/p><p>La r\u00e9alisation de votre installation d&rsquo;\u00e9clairage ext\u00e9rieur se d\u00e9roule selon un processus complet : <strong>conception, fourniture des mat\u00e9riaux et installation professionnelle<\/strong>, effectu\u00e9e par des techniciens sp\u00e9cialis\u00e9s dans l&rsquo;am\u00e9nagement de syst\u00e8mes lumineux pour les all\u00e9es, jardins, terrasses et espaces ext\u00e9rieurs de tout type.<\/p><p>Nous intervenons sur la <strong>C\u00f4te d&rsquo;Azur et dans les provinces d&rsquo;Imperia et Savona<\/strong>, offrant un service attentif, comp\u00e9tent et orient\u00e9 vers la pleine satisfaction du client.<\/p>\t\t\t\t\t\t\t\t<\/div>\n\t\t\t\t\t<\/div>\n\t\t\t\t<\/div>\n\t\t\t\t<\/div>\n\t\t","protected":false},"excerpt":{"rendered":"<p>La conception et l&rsquo;installation de l&rsquo;\u00e9clairage pour les espaces ext\u00e9rieurs constituent la premi\u00e8re \u00e9tape pour valoriser les espaces outdoor, garantissant fonctionnalit\u00e9, s\u00e9curit\u00e9 et ambiance.<\/p>\n","protected":false},"author":1,"featured_media":1914,"parent":0,"menu_order":0,"comment_status":"closed","ping_status":"closed","template":"","meta":{"footnotes":""},"class_list":["post-1912","page","type-page","status-publish","has-post-thumbnail","hentry"],"yoast_head":"<!-- This site is optimized with the Yoast SEO plugin v26.4 - https:\/\/yoast.com\/wordpress\/plugins\/seo\/ -->\n<title>\u00c9clairage de jardins et d&#039;ext\u00e9rieurs \u00e0 Imperia : Syst\u00e8mes LED<\/title>\n<meta name=\"description\" content=\"Mettez en valeur votre espace vert m\u00eame la nuit. Conception et installation de syst\u00e8mes d&#039;\u00e9clairage LED pour jardins et terrasses \u00e0 Imperia.\" \/>\n<meta name=\"robots\" content=\"index, follow, max-snippet:-1, max-image-preview:large, max-video-preview:-1\" \/>\n<link rel=\"canonical\" href=\"https:\/\/www.erreagiardini.it\/fr\/systemes-declairage\/\" \/>\n<meta property=\"og:locale\" content=\"fr_FR\" \/>\n<meta property=\"og:type\" content=\"article\" \/>\n<meta property=\"og:title\" content=\"\u00c9clairage de jardins et d&#039;ext\u00e9rieurs \u00e0 Imperia : Syst\u00e8mes LED\" \/>\n<meta property=\"og:description\" content=\"Mettez en valeur votre espace vert m\u00eame la nuit. Conception et installation de syst\u00e8mes d&#039;\u00e9clairage LED pour jardins et terrasses \u00e0 Imperia.\" \/>\n<meta property=\"og:url\" content=\"https:\/\/www.erreagiardini.it\/fr\/systemes-declairage\/\" \/>\n<meta property=\"og:site_name\" content=\"Errea Giardini\" \/>\n<meta property=\"article:publisher\" content=\"https:\/\/www.facebook.com\/erreagiardini\" \/>\n<meta property=\"article:modified_time\" content=\"2026-01-22T13:44:58+00:00\" \/>\n<meta property=\"og:image\" content=\"https:\/\/www.erreagiardini.it\/wp-content\/uploads\/2025\/11\/IMG-20230503-WA0046-1.jpg\" \/>\n\t<meta property=\"og:image:width\" content=\"1750\" \/>\n\t<meta property=\"og:image:height\" content=\"1400\" \/>\n\t<meta property=\"og:image:type\" content=\"image\/jpeg\" \/>\n<meta name=\"twitter:card\" content=\"summary_large_image\" \/>\n<meta name=\"twitter:label1\" content=\"Dur\u00e9e de lecture estim\u00e9e\" \/>\n\t<meta name=\"twitter:data1\" content=\"1 minute\" \/>\n<script type=\"application\/ld+json\" class=\"yoast-schema-graph\">{\"@context\":\"https:\/\/schema.org\",\"@graph\":[{\"@type\":\"WebPage\",\"@id\":\"https:\/\/www.erreagiardini.it\/fr\/systemes-declairage\/\",\"url\":\"https:\/\/www.erreagiardini.it\/fr\/systemes-declairage\/\",\"name\":\"\u00c9clairage de jardins et d'ext\u00e9rieurs \u00e0 Imperia : Syst\u00e8mes LED\",\"isPartOf\":{\"@id\":\"https:\/\/www.erreagiardini.it\/fr\/#website\"},\"primaryImageOfPage\":{\"@id\":\"https:\/\/www.erreagiardini.it\/fr\/systemes-declairage\/#primaryimage\"},\"image\":{\"@id\":\"https:\/\/www.erreagiardini.it\/fr\/systemes-declairage\/#primaryimage\"},\"thumbnailUrl\":\"https:\/\/www.erreagiardini.it\/wp-content\/uploads\/2025\/11\/IMG-20230503-WA0046-1.jpg\",\"datePublished\":\"2025-11-23T10:34:07+00:00\",\"dateModified\":\"2026-01-22T13:44:58+00:00\",\"description\":\"Mettez en valeur votre espace vert m\u00eame la nuit. Conception et installation de syst\u00e8mes d'\u00e9clairage LED pour jardins et terrasses \u00e0 Imperia.\",\"breadcrumb\":{\"@id\":\"https:\/\/www.erreagiardini.it\/fr\/systemes-declairage\/#breadcrumb\"},\"inLanguage\":\"fr-FR\",\"potentialAction\":[{\"@type\":\"ReadAction\",\"target\":[\"https:\/\/www.erreagiardini.it\/fr\/systemes-declairage\/\"]}]},{\"@type\":\"ImageObject\",\"inLanguage\":\"fr-FR\",\"@id\":\"https:\/\/www.erreagiardini.it\/fr\/systemes-declairage\/#primaryimage\",\"url\":\"https:\/\/www.erreagiardini.it\/wp-content\/uploads\/2025\/11\/IMG-20230503-WA0046-1.jpg\",\"contentUrl\":\"https:\/\/www.erreagiardini.it\/wp-content\/uploads\/2025\/11\/IMG-20230503-WA0046-1.jpg\",\"width\":1750,\"height\":1400,\"caption\":\"Installation de pergola et syst\u00e8me d'\u00e9clairage ext\u00e9rieur pour copropri\u00e9t\u00e9 \u00e0 Imperia\"},{\"@type\":\"BreadcrumbList\",\"@id\":\"https:\/\/www.erreagiardini.it\/fr\/systemes-declairage\/#breadcrumb\",\"itemListElement\":[{\"@type\":\"ListItem\",\"position\":1,\"name\":\"Accueil\",\"item\":\"https:\/\/www.erreagiardini.it\/fr\/accueil\/\"},{\"@type\":\"ListItem\",\"position\":2,\"name\":\"Syst\u00e8mes d&#8217;\u00e9clairage\"}]},{\"@type\":\"WebSite\",\"@id\":\"https:\/\/www.erreagiardini.it\/fr\/#website\",\"url\":\"https:\/\/www.erreagiardini.it\/fr\/\",\"name\":\"Errea Giardini\",\"description\":\"Errea Giardini snc est une entreprise sp\u00e9cialis\u00e9e dans la conception de jardins et la construction de piscines sur Imperia, sa province et la C\u00f4te d'Azur (Menton-Nice). Nous offrons des services complets pour particuliers, copropri\u00e9t\u00e9s et collectivit\u00e9s publiques : conception et entretien d'espaces verts, tailles professionnelles, r\u00e9alisation de piscines sur mesure (biopiscines, piscines en ma\u00e7onnerie, b\u00e9ton arm\u00e9, hors-sol et enterr\u00e9es), fourniture et pose de gazon synth\u00e9tique. Notre force r\u00e9side dans la polyvalence alli\u00e9e \u00e0 une haute qualit\u00e9 d'ex\u00e9cution dans chaque projet. Nous desservons toute la province d'Imperia et la zone transfrontali\u00e8re fran\u00e7aise. Visites gratuites et devis personnalis\u00e9s sans engagement. Contactez-nous pour transformer votre espace vert.     \",\"publisher\":{\"@id\":\"https:\/\/www.erreagiardini.it\/fr\/#organization\"},\"potentialAction\":[{\"@type\":\"SearchAction\",\"target\":{\"@type\":\"EntryPoint\",\"urlTemplate\":\"https:\/\/www.erreagiardini.it\/fr\/?s={search_term_string}\"},\"query-input\":{\"@type\":\"PropertyValueSpecification\",\"valueRequired\":true,\"valueName\":\"search_term_string\"}}],\"inLanguage\":\"fr-FR\"},{\"@type\":\"Organization\",\"@id\":\"https:\/\/www.erreagiardini.it\/fr\/#organization\",\"name\":\"Errea Giardini S.N.C.\",\"url\":\"https:\/\/www.erreagiardini.it\/fr\/\",\"logo\":{\"@type\":\"ImageObject\",\"inLanguage\":\"fr-FR\",\"@id\":\"https:\/\/www.erreagiardini.it\/fr\/#\/schema\/logo\/image\/\",\"url\":\"https:\/\/www.erreagiardini.it\/wp-content\/uploads\/2025\/11\/logo.1.jpeg\",\"contentUrl\":\"https:\/\/www.erreagiardini.it\/wp-content\/uploads\/2025\/11\/logo.1.jpeg\",\"width\":380,\"height\":269,\"caption\":\"Errea Giardini S.N.C.\"},\"image\":{\"@id\":\"https:\/\/www.erreagiardini.it\/fr\/#\/schema\/logo\/image\/\"},\"sameAs\":[\"https:\/\/www.facebook.com\/erreagiardini\"]}]}<\/script>\n<!-- \/ Yoast SEO plugin. -->","yoast_head_json":{"title":"\u00c9clairage de jardins et d'ext\u00e9rieurs \u00e0 Imperia : Syst\u00e8mes LED","description":"Mettez en valeur votre espace vert m\u00eame la nuit. Conception et installation de syst\u00e8mes d'\u00e9clairage LED pour jardins et terrasses \u00e0 Imperia.","robots":{"index":"index","follow":"follow","max-snippet":"max-snippet:-1","max-image-preview":"max-image-preview:large","max-video-preview":"max-video-preview:-1"},"canonical":"https:\/\/www.erreagiardini.it\/fr\/systemes-declairage\/","og_locale":"fr_FR","og_type":"article","og_title":"\u00c9clairage de jardins et d'ext\u00e9rieurs \u00e0 Imperia : Syst\u00e8mes LED","og_description":"Mettez en valeur votre espace vert m\u00eame la nuit. Conception et installation de syst\u00e8mes d'\u00e9clairage LED pour jardins et terrasses \u00e0 Imperia.","og_url":"https:\/\/www.erreagiardini.it\/fr\/systemes-declairage\/","og_site_name":"Errea Giardini","article_publisher":"https:\/\/www.facebook.com\/erreagiardini","article_modified_time":"2026-01-22T13:44:58+00:00","og_image":[{"width":1750,"height":1400,"url":"https:\/\/www.erreagiardini.it\/wp-content\/uploads\/2025\/11\/IMG-20230503-WA0046-1.jpg","type":"image\/jpeg"}],"twitter_card":"summary_large_image","twitter_misc":{"Dur\u00e9e de lecture estim\u00e9e":"1 minute"},"schema":{"@context":"https:\/\/schema.org","@graph":[{"@type":"WebPage","@id":"https:\/\/www.erreagiardini.it\/fr\/systemes-declairage\/","url":"https:\/\/www.erreagiardini.it\/fr\/systemes-declairage\/","name":"\u00c9clairage de jardins et d'ext\u00e9rieurs \u00e0 Imperia : Syst\u00e8mes LED","isPartOf":{"@id":"https:\/\/www.erreagiardini.it\/fr\/#website"},"primaryImageOfPage":{"@id":"https:\/\/www.erreagiardini.it\/fr\/systemes-declairage\/#primaryimage"},"image":{"@id":"https:\/\/www.erreagiardini.it\/fr\/systemes-declairage\/#primaryimage"},"thumbnailUrl":"https:\/\/www.erreagiardini.it\/wp-content\/uploads\/2025\/11\/IMG-20230503-WA0046-1.jpg","datePublished":"2025-11-23T10:34:07+00:00","dateModified":"2026-01-22T13:44:58+00:00","description":"Mettez en valeur votre espace vert m\u00eame la nuit. Conception et installation de syst\u00e8mes d'\u00e9clairage LED pour jardins et terrasses \u00e0 Imperia.","breadcrumb":{"@id":"https:\/\/www.erreagiardini.it\/fr\/systemes-declairage\/#breadcrumb"},"inLanguage":"fr-FR","potentialAction":[{"@type":"ReadAction","target":["https:\/\/www.erreagiardini.it\/fr\/systemes-declairage\/"]}]},{"@type":"ImageObject","inLanguage":"fr-FR","@id":"https:\/\/www.erreagiardini.it\/fr\/systemes-declairage\/#primaryimage","url":"https:\/\/www.erreagiardini.it\/wp-content\/uploads\/2025\/11\/IMG-20230503-WA0046-1.jpg","contentUrl":"https:\/\/www.erreagiardini.it\/wp-content\/uploads\/2025\/11\/IMG-20230503-WA0046-1.jpg","width":1750,"height":1400,"caption":"Installation de pergola et syst\u00e8me d'\u00e9clairage ext\u00e9rieur pour copropri\u00e9t\u00e9 \u00e0 Imperia"},{"@type":"BreadcrumbList","@id":"https:\/\/www.erreagiardini.it\/fr\/systemes-declairage\/#breadcrumb","itemListElement":[{"@type":"ListItem","position":1,"name":"Accueil","item":"https:\/\/www.erreagiardini.it\/fr\/accueil\/"},{"@type":"ListItem","position":2,"name":"Syst\u00e8mes d&#8217;\u00e9clairage"}]},{"@type":"WebSite","@id":"https:\/\/www.erreagiardini.it\/fr\/#website","url":"https:\/\/www.erreagiardini.it\/fr\/","name":"Errea Giardini","description":"Errea Giardini snc est une entreprise sp\u00e9cialis\u00e9e dans la conception de jardins et la construction de piscines sur Imperia, sa province et la C\u00f4te d'Azur (Menton-Nice). Nous offrons des services complets pour particuliers, copropri\u00e9t\u00e9s et collectivit\u00e9s publiques : conception et entretien d'espaces verts, tailles professionnelles, r\u00e9alisation de piscines sur mesure (biopiscines, piscines en ma\u00e7onnerie, b\u00e9ton arm\u00e9, hors-sol et enterr\u00e9es), fourniture et pose de gazon synth\u00e9tique. Notre force r\u00e9side dans la polyvalence alli\u00e9e \u00e0 une haute qualit\u00e9 d'ex\u00e9cution dans chaque projet. Nous desservons toute la province d'Imperia et la zone transfrontali\u00e8re fran\u00e7aise. Visites gratuites et devis personnalis\u00e9s sans engagement. Contactez-nous pour transformer votre espace vert.     ","publisher":{"@id":"https:\/\/www.erreagiardini.it\/fr\/#organization"},"potentialAction":[{"@type":"SearchAction","target":{"@type":"EntryPoint","urlTemplate":"https:\/\/www.erreagiardini.it\/fr\/?s={search_term_string}"},"query-input":{"@type":"PropertyValueSpecification","valueRequired":true,"valueName":"search_term_string"}}],"inLanguage":"fr-FR"},{"@type":"Organization","@id":"https:\/\/www.erreagiardini.it\/fr\/#organization","name":"Errea Giardini S.N.C.","url":"https:\/\/www.erreagiardini.it\/fr\/","logo":{"@type":"ImageObject","inLanguage":"fr-FR","@id":"https:\/\/www.erreagiardini.it\/fr\/#\/schema\/logo\/image\/","url":"https:\/\/www.erreagiardini.it\/wp-content\/uploads\/2025\/11\/logo.1.jpeg","contentUrl":"https:\/\/www.erreagiardini.it\/wp-content\/uploads\/2025\/11\/logo.1.jpeg","width":380,"height":269,"caption":"Errea Giardini S.N.C."},"image":{"@id":"https:\/\/www.erreagiardini.it\/fr\/#\/schema\/logo\/image\/"},"sameAs":["https:\/\/www.facebook.com\/erreagiardini"]}]}},"_links":{"self":[{"href":"https:\/\/www.erreagiardini.it\/fr\/wp-json\/wp\/v2\/pages\/1912","targetHints":{"allow":["GET"]}}],"collection":[{"href":"https:\/\/www.erreagiardini.it\/fr\/wp-json\/wp\/v2\/pages"}],"about":[{"href":"https:\/\/www.erreagiardini.it\/fr\/wp-json\/wp\/v2\/types\/page"}],"author":[{"embeddable":true,"href":"https:\/\/www.erreagiardini.it\/fr\/wp-json\/wp\/v2\/users\/1"}],"replies":[{"embeddable":true,"href":"https:\/\/www.erreagiardini.it\/fr\/wp-json\/wp\/v2\/comments?post=1912"}],"version-history":[{"count":2,"href":"https:\/\/www.erreagiardini.it\/fr\/wp-json\/wp\/v2\/pages\/1912\/revisions"}],"predecessor-version":[{"id":1917,"href":"https:\/\/www.erreagiardini.it\/fr\/wp-json\/wp\/v2\/pages\/1912\/revisions\/1917"}],"wp:featuredmedia":[{"embeddable":true,"href":"https:\/\/www.erreagiardini.it\/fr\/wp-json\/wp\/v2\/media\/1914"}],"wp:attachment":[{"href":"https:\/\/www.erreagiardini.it\/fr\/wp-json\/wp\/v2\/media?parent=1912"}],"curies":[{"name":"wp","href":"https:\/\/api.w.org\/{rel}","templated":true}]}}