{"id":2028,"date":"2025-11-02T17:27:25","date_gmt":"2025-11-02T17:27:25","guid":{"rendered":"https:\/\/www.erreagiardini.it\/elagages\/"},"modified":"2026-01-22T13:45:25","modified_gmt":"2026-01-22T13:45:25","slug":"elagages","status":"publish","type":"page","link":"https:\/\/www.erreagiardini.it\/fr\/elagages\/","title":{"rendered":"\u00c9lagages"},"content":{"rendered":"\t\t<div data-elementor-type=\"wp-page\" data-elementor-id=\"2028\" class=\"elementor elementor-2028 elementor-17\" data-elementor-post-type=\"page\">\n\t\t\t\t<div class=\"elementor-element elementor-element-206cfa67 e-flex e-con-boxed e-con e-parent\" data-id=\"206cfa67\" data-element_type=\"container\">\n\t\t\t\t\t<div class=\"e-con-inner\">\n\t\t\t\t<div class=\"elementor-element elementor-element-383ed0c0 elementor-widget elementor-widget-image\" data-id=\"383ed0c0\" data-element_type=\"widget\" data-widget_type=\"image.default\">\n\t\t\t\t\t\t\t\t\t\t\t\t\t\t\t<img fetchpriority=\"high\" decoding=\"async\" width=\"2560\" height=\"1000\" src=\"https:\/\/www.erreagiardini.it\/wp-content\/uploads\/2025\/11\/potatura_palme-scaled.jpg\" class=\"attachment-full size-full wp-image-1924\" alt=\"Taille de palmier en hauteur Imperia\" srcset=\"https:\/\/www.erreagiardini.it\/wp-content\/uploads\/2025\/11\/potatura_palme-scaled.jpg 2560w, https:\/\/www.erreagiardini.it\/wp-content\/uploads\/2025\/11\/potatura_palme-300x117.jpg 300w, https:\/\/www.erreagiardini.it\/wp-content\/uploads\/2025\/11\/potatura_palme-1024x400.jpg 1024w, https:\/\/www.erreagiardini.it\/wp-content\/uploads\/2025\/11\/potatura_palme-768x300.jpg 768w, https:\/\/www.erreagiardini.it\/wp-content\/uploads\/2025\/11\/potatura_palme-1536x600.jpg 1536w, https:\/\/www.erreagiardini.it\/wp-content\/uploads\/2025\/11\/potatura_palme-2048x800.jpg 2048w\" sizes=\"(max-width: 2560px) 100vw, 2560px\" \/>\t\t\t\t\t\t\t\t\t\t\t\t\t\t\t<\/div>\n\t\t\t\t\t<\/div>\n\t\t\t\t<\/div>\n\t\t<div class=\"elementor-element elementor-element-67791b9f e-flex e-con-boxed e-con e-parent\" data-id=\"67791b9f\" data-element_type=\"container\">\n\t\t\t\t\t<div class=\"e-con-inner\">\n\t\t<div class=\"elementor-element elementor-element-1ae290a0 e-con-full e-flex e-con e-child\" data-id=\"1ae290a0\" data-element_type=\"container\">\n\t\t<div class=\"elementor-element elementor-element-2a102a2c e-con-full e-flex e-con e-child\" data-id=\"2a102a2c\" data-element_type=\"container\">\n\t\t\t\t<div class=\"elementor-element elementor-element-2887b89e elementor-widget elementor-widget-heading\" data-id=\"2887b89e\" data-element_type=\"widget\" data-widget_type=\"heading.default\">\n\t\t\t\t\t<h1 class=\"elementor-heading-title elementor-size-default\">Taille d'Arbres, de Haies et de Palmiers<\/h1>\t\t\t\t<\/div>\n\t\t\t\t<\/div>\n\t\t\t\t<\/div>\n\t\t<div class=\"elementor-element elementor-element-6de47df4 e-con-full e-flex e-con e-child\" data-id=\"6de47df4\" data-element_type=\"container\">\n\t\t\t\t<div class=\"elementor-element elementor-element-7dcb2505 elementor-widget elementor-widget-heading\" data-id=\"7dcb2505\" data-element_type=\"widget\" data-widget_type=\"heading.default\">\n\t\t\t\t\t<h4 class=\"elementor-heading-title elementor-size-default\">La taille est une intervention essentielle pour garantir la sant\u00e9, la s\u00e9curit\u00e9 et la beaut\u00e9 des arbres, des palmiers et des haies, en maintenant votre jardin ordonn\u00e9, harmonieux et parfaitement \u00e9quilibr\u00e9.<\/h4>\t\t\t\t<\/div>\n\t\t\t\t<\/div>\n\t\t\t\t\t<\/div>\n\t\t\t\t<\/div>\n\t\t<div class=\"elementor-element elementor-element-43a561d0 e-flex e-con-boxed e-con e-parent\" data-id=\"43a561d0\" data-element_type=\"container\">\n\t\t\t\t\t<div class=\"e-con-inner\">\n\t\t\t\t<div class=\"elementor-element elementor-element-5f560a1a elementor-widget elementor-widget-text-editor\" data-id=\"5f560a1a\" data-element_type=\"widget\" data-widget_type=\"text-editor.default\">\n\t\t\t\t\t\t\t\t\t<p data-start=\"570\" data-end=\"923\">La <strong data-start=\"573\" data-end=\"599\">taille professionnelle<\/strong> est essentielle pour maintenir les arbres, les palmiers et les haies dans des conditions optimales, en pr\u00e9servant leur sant\u00e9, leur structure et leur \u00e9quilibre esth\u00e9tique dans le temps. Une intervention r\u00e9alis\u00e9e par du personnel qualifi\u00e9 pr\u00e9vient les ruptures, les maladies et la croissance d\u00e9sordonn\u00e9e, garantissant que chaque plante continue \u00e0 se d\u00e9velopper de mani\u00e8re saine et harmonieuse.<\/p><p data-start=\"925\" data-end=\"1330\">Notre approche allie <strong data-start=\"953\" data-end=\"998\">expertise technique et sensibilit\u00e9 botanique<\/strong> : nous analysons le type de plante, la saison la plus appropri\u00e9e et ses besoins sp\u00e9cifiques pour effectuer des tailles cibl\u00e9es et respectueuses de la physiologie naturelle. Qu&rsquo;il s&rsquo;agisse de r\u00e9duction, de remodelage ou d&rsquo;\u00e9limination de branches compromises, nous intervenons avec pr\u00e9cision et \u00e9quipements professionnels, garantissant des r\u00e9sultats s\u00fbrs et durables.<\/p><p data-start=\"1332\" data-end=\"1638\">Les <strong data-start=\"1335\" data-end=\"1372\">tailles d&rsquo;arbres, de palmiers et de haies<\/strong> sont r\u00e9alis\u00e9es par des op\u00e9rateurs sp\u00e9cialis\u00e9s, en toute s\u00e9curit\u00e9 et dans le respect des r\u00e9glementations en vigueur. Nous intervenons aussi bien sur la <strong data-start=\"1492\" data-end=\"1509\">C\u00f4te d&rsquo;Azur<\/strong> que dans les provinces d&rsquo;<strong data-start=\"1532\" data-end=\"1552\">Imperia et Savone<\/strong>, offrant un service ponctuel, soign\u00e9 et con\u00e7u pour valoriser chaque espace vert.<\/p>\t\t\t\t\t\t\t\t<\/div>\n\t\t\t\t\t<\/div>\n\t\t\t\t<\/div>\n\t\t\t\t<\/div>\n\t\t","protected":false},"excerpt":{"rendered":"<p>La taille est une intervention essentielle pour garantir la sant\u00e9, la s\u00e9curit\u00e9 et la beaut\u00e9 des arbres, des palmiers et des haies, en maintenant votre jardin ordonn\u00e9, harmonieux et parfaitement \u00e9quilibr\u00e9.<\/p>\n","protected":false},"author":1,"featured_media":1925,"parent":0,"menu_order":0,"comment_status":"closed","ping_status":"closed","template":"","meta":{"footnotes":""},"class_list":["post-2028","page","type-page","status-publish","has-post-thumbnail","hentry"],"yoast_head":"<!-- This site is optimized with the Yoast SEO plugin v26.4 - https:\/\/yoast.com\/wordpress\/plugins\/seo\/ -->\n<title>\u00c9lagage d&#039;Arbres de Haute Tige et Abattages \u00e0 Imperia - Errea Giardini<\/title>\n<meta name=\"description\" content=\"Service d&#039;\u00e9lagage d&#039;arbres de haute tige, d&#039;oliviers et de palmiers \u00e0 Imperia. Interventions s\u00e9curis\u00e9es avec nacelle \u00e9l\u00e9vatrice ou grimpe d&#039;arbres\" \/>\n<meta name=\"robots\" content=\"index, follow, max-snippet:-1, max-image-preview:large, max-video-preview:-1\" \/>\n<link rel=\"canonical\" href=\"https:\/\/www.erreagiardini.it\/fr\/elagages\/\" \/>\n<meta property=\"og:locale\" content=\"fr_FR\" \/>\n<meta property=\"og:type\" content=\"article\" \/>\n<meta property=\"og:title\" content=\"\u00c9lagage d&#039;Arbres de Haute Tige et Abattages \u00e0 Imperia - Errea Giardini\" \/>\n<meta property=\"og:description\" content=\"Service d&#039;\u00e9lagage d&#039;arbres de haute tige, d&#039;oliviers et de palmiers \u00e0 Imperia. Interventions s\u00e9curis\u00e9es avec nacelle \u00e9l\u00e9vatrice ou grimpe d&#039;arbres\" \/>\n<meta property=\"og:url\" content=\"https:\/\/www.erreagiardini.it\/fr\/elagages\/\" \/>\n<meta property=\"og:site_name\" content=\"Errea Giardini\" \/>\n<meta property=\"article:publisher\" content=\"https:\/\/www.facebook.com\/erreagiardini\" \/>\n<meta property=\"article:modified_time\" content=\"2026-01-22T13:45:25+00:00\" \/>\n<meta property=\"og:image\" content=\"https:\/\/www.erreagiardini.it\/wp-content\/uploads\/2025\/11\/IMG_20191218_233533_996-scaled.jpg\" \/>\n\t<meta property=\"og:image:width\" content=\"2560\" \/>\n\t<meta property=\"og:image:height\" content=\"2048\" \/>\n\t<meta property=\"og:image:type\" content=\"image\/jpeg\" \/>\n<meta name=\"twitter:card\" content=\"summary_large_image\" \/>\n<meta name=\"twitter:label1\" content=\"Dur\u00e9e de lecture estim\u00e9e\" \/>\n\t<meta name=\"twitter:data1\" content=\"1 minute\" \/>\n<script type=\"application\/ld+json\" class=\"yoast-schema-graph\">{\"@context\":\"https:\/\/schema.org\",\"@graph\":[{\"@type\":\"WebPage\",\"@id\":\"https:\/\/www.erreagiardini.it\/fr\/elagages\/\",\"url\":\"https:\/\/www.erreagiardini.it\/fr\/elagages\/\",\"name\":\"\u00c9lagage d'Arbres de Haute Tige et Abattages \u00e0 Imperia - Errea Giardini\",\"isPartOf\":{\"@id\":\"https:\/\/www.erreagiardini.it\/fr\/#website\"},\"primaryImageOfPage\":{\"@id\":\"https:\/\/www.erreagiardini.it\/fr\/elagages\/#primaryimage\"},\"image\":{\"@id\":\"https:\/\/www.erreagiardini.it\/fr\/elagages\/#primaryimage\"},\"thumbnailUrl\":\"https:\/\/www.erreagiardini.it\/wp-content\/uploads\/2025\/11\/IMG_20191218_233533_996-scaled.jpg\",\"datePublished\":\"2025-11-02T17:27:25+00:00\",\"dateModified\":\"2026-01-22T13:45:25+00:00\",\"description\":\"Service d'\u00e9lagage d'arbres de haute tige, d'oliviers et de palmiers \u00e0 Imperia. Interventions s\u00e9curis\u00e9es avec nacelle \u00e9l\u00e9vatrice ou grimpe d'arbres\",\"breadcrumb\":{\"@id\":\"https:\/\/www.erreagiardini.it\/fr\/elagages\/#breadcrumb\"},\"inLanguage\":\"fr-FR\",\"potentialAction\":[{\"@type\":\"ReadAction\",\"target\":[\"https:\/\/www.erreagiardini.it\/fr\/elagages\/\"]}]},{\"@type\":\"ImageObject\",\"inLanguage\":\"fr-FR\",\"@id\":\"https:\/\/www.erreagiardini.it\/fr\/elagages\/#primaryimage\",\"url\":\"https:\/\/www.erreagiardini.it\/wp-content\/uploads\/2025\/11\/IMG_20191218_233533_996-scaled.jpg\",\"contentUrl\":\"https:\/\/www.erreagiardini.it\/wp-content\/uploads\/2025\/11\/IMG_20191218_233533_996-scaled.jpg\",\"width\":2560,\"height\":2048},{\"@type\":\"BreadcrumbList\",\"@id\":\"https:\/\/www.erreagiardini.it\/fr\/elagages\/#breadcrumb\",\"itemListElement\":[{\"@type\":\"ListItem\",\"position\":1,\"name\":\"Accueil\",\"item\":\"https:\/\/www.erreagiardini.it\/fr\/accueil\/\"},{\"@type\":\"ListItem\",\"position\":2,\"name\":\"\u00c9lagages\"}]},{\"@type\":\"WebSite\",\"@id\":\"https:\/\/www.erreagiardini.it\/fr\/#website\",\"url\":\"https:\/\/www.erreagiardini.it\/fr\/\",\"name\":\"Errea Giardini\",\"description\":\"Errea Giardini snc est une entreprise sp\u00e9cialis\u00e9e dans la conception de jardins et la construction de piscines sur Imperia, sa province et la C\u00f4te d'Azur (Menton-Nice). Nous offrons des services complets pour particuliers, copropri\u00e9t\u00e9s et collectivit\u00e9s publiques : conception et entretien d'espaces verts, tailles professionnelles, r\u00e9alisation de piscines sur mesure (biopiscines, piscines en ma\u00e7onnerie, b\u00e9ton arm\u00e9, hors-sol et enterr\u00e9es), fourniture et pose de gazon synth\u00e9tique. Notre force r\u00e9side dans la polyvalence alli\u00e9e \u00e0 une haute qualit\u00e9 d'ex\u00e9cution dans chaque projet. Nous desservons toute la province d'Imperia et la zone transfrontali\u00e8re fran\u00e7aise. Visites gratuites et devis personnalis\u00e9s sans engagement. Contactez-nous pour transformer votre espace vert.     \",\"publisher\":{\"@id\":\"https:\/\/www.erreagiardini.it\/fr\/#organization\"},\"potentialAction\":[{\"@type\":\"SearchAction\",\"target\":{\"@type\":\"EntryPoint\",\"urlTemplate\":\"https:\/\/www.erreagiardini.it\/fr\/?s={search_term_string}\"},\"query-input\":{\"@type\":\"PropertyValueSpecification\",\"valueRequired\":true,\"valueName\":\"search_term_string\"}}],\"inLanguage\":\"fr-FR\"},{\"@type\":\"Organization\",\"@id\":\"https:\/\/www.erreagiardini.it\/fr\/#organization\",\"name\":\"Errea Giardini S.N.C.\",\"url\":\"https:\/\/www.erreagiardini.it\/fr\/\",\"logo\":{\"@type\":\"ImageObject\",\"inLanguage\":\"fr-FR\",\"@id\":\"https:\/\/www.erreagiardini.it\/fr\/#\/schema\/logo\/image\/\",\"url\":\"https:\/\/www.erreagiardini.it\/wp-content\/uploads\/2025\/11\/logo.1.jpeg\",\"contentUrl\":\"https:\/\/www.erreagiardini.it\/wp-content\/uploads\/2025\/11\/logo.1.jpeg\",\"width\":380,\"height\":269,\"caption\":\"Errea Giardini S.N.C.\"},\"image\":{\"@id\":\"https:\/\/www.erreagiardini.it\/fr\/#\/schema\/logo\/image\/\"},\"sameAs\":[\"https:\/\/www.facebook.com\/erreagiardini\"]}]}<\/script>\n<!-- \/ Yoast SEO plugin. -->","yoast_head_json":{"title":"\u00c9lagage d'Arbres de Haute Tige et Abattages \u00e0 Imperia - Errea Giardini","description":"Service d'\u00e9lagage d'arbres de haute tige, d'oliviers et de palmiers \u00e0 Imperia. Interventions s\u00e9curis\u00e9es avec nacelle \u00e9l\u00e9vatrice ou grimpe d'arbres","robots":{"index":"index","follow":"follow","max-snippet":"max-snippet:-1","max-image-preview":"max-image-preview:large","max-video-preview":"max-video-preview:-1"},"canonical":"https:\/\/www.erreagiardini.it\/fr\/elagages\/","og_locale":"fr_FR","og_type":"article","og_title":"\u00c9lagage d'Arbres de Haute Tige et Abattages \u00e0 Imperia - Errea Giardini","og_description":"Service d'\u00e9lagage d'arbres de haute tige, d'oliviers et de palmiers \u00e0 Imperia. Interventions s\u00e9curis\u00e9es avec nacelle \u00e9l\u00e9vatrice ou grimpe d'arbres","og_url":"https:\/\/www.erreagiardini.it\/fr\/elagages\/","og_site_name":"Errea Giardini","article_publisher":"https:\/\/www.facebook.com\/erreagiardini","article_modified_time":"2026-01-22T13:45:25+00:00","og_image":[{"width":2560,"height":2048,"url":"https:\/\/www.erreagiardini.it\/wp-content\/uploads\/2025\/11\/IMG_20191218_233533_996-scaled.jpg","type":"image\/jpeg"}],"twitter_card":"summary_large_image","twitter_misc":{"Dur\u00e9e de lecture estim\u00e9e":"1 minute"},"schema":{"@context":"https:\/\/schema.org","@graph":[{"@type":"WebPage","@id":"https:\/\/www.erreagiardini.it\/fr\/elagages\/","url":"https:\/\/www.erreagiardini.it\/fr\/elagages\/","name":"\u00c9lagage d'Arbres de Haute Tige et Abattages \u00e0 Imperia - Errea Giardini","isPartOf":{"@id":"https:\/\/www.erreagiardini.it\/fr\/#website"},"primaryImageOfPage":{"@id":"https:\/\/www.erreagiardini.it\/fr\/elagages\/#primaryimage"},"image":{"@id":"https:\/\/www.erreagiardini.it\/fr\/elagages\/#primaryimage"},"thumbnailUrl":"https:\/\/www.erreagiardini.it\/wp-content\/uploads\/2025\/11\/IMG_20191218_233533_996-scaled.jpg","datePublished":"2025-11-02T17:27:25+00:00","dateModified":"2026-01-22T13:45:25+00:00","description":"Service d'\u00e9lagage d'arbres de haute tige, d'oliviers et de palmiers \u00e0 Imperia. Interventions s\u00e9curis\u00e9es avec nacelle \u00e9l\u00e9vatrice ou grimpe d'arbres","breadcrumb":{"@id":"https:\/\/www.erreagiardini.it\/fr\/elagages\/#breadcrumb"},"inLanguage":"fr-FR","potentialAction":[{"@type":"ReadAction","target":["https:\/\/www.erreagiardini.it\/fr\/elagages\/"]}]},{"@type":"ImageObject","inLanguage":"fr-FR","@id":"https:\/\/www.erreagiardini.it\/fr\/elagages\/#primaryimage","url":"https:\/\/www.erreagiardini.it\/wp-content\/uploads\/2025\/11\/IMG_20191218_233533_996-scaled.jpg","contentUrl":"https:\/\/www.erreagiardini.it\/wp-content\/uploads\/2025\/11\/IMG_20191218_233533_996-scaled.jpg","width":2560,"height":2048},{"@type":"BreadcrumbList","@id":"https:\/\/www.erreagiardini.it\/fr\/elagages\/#breadcrumb","itemListElement":[{"@type":"ListItem","position":1,"name":"Accueil","item":"https:\/\/www.erreagiardini.it\/fr\/accueil\/"},{"@type":"ListItem","position":2,"name":"\u00c9lagages"}]},{"@type":"WebSite","@id":"https:\/\/www.erreagiardini.it\/fr\/#website","url":"https:\/\/www.erreagiardini.it\/fr\/","name":"Errea Giardini","description":"Errea Giardini snc est une entreprise sp\u00e9cialis\u00e9e dans la conception de jardins et la construction de piscines sur Imperia, sa province et la C\u00f4te d'Azur (Menton-Nice). Nous offrons des services complets pour particuliers, copropri\u00e9t\u00e9s et collectivit\u00e9s publiques : conception et entretien d'espaces verts, tailles professionnelles, r\u00e9alisation de piscines sur mesure (biopiscines, piscines en ma\u00e7onnerie, b\u00e9ton arm\u00e9, hors-sol et enterr\u00e9es), fourniture et pose de gazon synth\u00e9tique. Notre force r\u00e9side dans la polyvalence alli\u00e9e \u00e0 une haute qualit\u00e9 d'ex\u00e9cution dans chaque projet. Nous desservons toute la province d'Imperia et la zone transfrontali\u00e8re fran\u00e7aise. Visites gratuites et devis personnalis\u00e9s sans engagement. Contactez-nous pour transformer votre espace vert.     ","publisher":{"@id":"https:\/\/www.erreagiardini.it\/fr\/#organization"},"potentialAction":[{"@type":"SearchAction","target":{"@type":"EntryPoint","urlTemplate":"https:\/\/www.erreagiardini.it\/fr\/?s={search_term_string}"},"query-input":{"@type":"PropertyValueSpecification","valueRequired":true,"valueName":"search_term_string"}}],"inLanguage":"fr-FR"},{"@type":"Organization","@id":"https:\/\/www.erreagiardini.it\/fr\/#organization","name":"Errea Giardini S.N.C.","url":"https:\/\/www.erreagiardini.it\/fr\/","logo":{"@type":"ImageObject","inLanguage":"fr-FR","@id":"https:\/\/www.erreagiardini.it\/fr\/#\/schema\/logo\/image\/","url":"https:\/\/www.erreagiardini.it\/wp-content\/uploads\/2025\/11\/logo.1.jpeg","contentUrl":"https:\/\/www.erreagiardini.it\/wp-content\/uploads\/2025\/11\/logo.1.jpeg","width":380,"height":269,"caption":"Errea Giardini S.N.C."},"image":{"@id":"https:\/\/www.erreagiardini.it\/fr\/#\/schema\/logo\/image\/"},"sameAs":["https:\/\/www.facebook.com\/erreagiardini"]}]}},"_links":{"self":[{"href":"https:\/\/www.erreagiardini.it\/fr\/wp-json\/wp\/v2\/pages\/2028","targetHints":{"allow":["GET"]}}],"collection":[{"href":"https:\/\/www.erreagiardini.it\/fr\/wp-json\/wp\/v2\/pages"}],"about":[{"href":"https:\/\/www.erreagiardini.it\/fr\/wp-json\/wp\/v2\/types\/page"}],"author":[{"embeddable":true,"href":"https:\/\/www.erreagiardini.it\/fr\/wp-json\/wp\/v2\/users\/1"}],"replies":[{"embeddable":true,"href":"https:\/\/www.erreagiardini.it\/fr\/wp-json\/wp\/v2\/comments?post=2028"}],"version-history":[{"count":3,"href":"https:\/\/www.erreagiardini.it\/fr\/wp-json\/wp\/v2\/pages\/2028\/revisions"}],"predecessor-version":[{"id":2406,"href":"https:\/\/www.erreagiardini.it\/fr\/wp-json\/wp\/v2\/pages\/2028\/revisions\/2406"}],"wp:featuredmedia":[{"embeddable":true,"href":"https:\/\/www.erreagiardini.it\/fr\/wp-json\/wp\/v2\/media\/1925"}],"wp:attachment":[{"href":"https:\/\/www.erreagiardini.it\/fr\/wp-json\/wp\/v2\/media?parent=2028"}],"curies":[{"name":"wp","href":"https:\/\/api.w.org\/{rel}","templated":true}]}}