{"id":2152,"date":"2025-11-02T17:27:33","date_gmt":"2025-11-02T17:27:33","guid":{"rendered":"https:\/\/www.erreagiardini.it\/conception-de-jardins\/"},"modified":"2026-01-22T13:45:25","modified_gmt":"2026-01-22T13:45:25","slug":"conception-de-jardins","status":"publish","type":"page","link":"https:\/\/www.erreagiardini.it\/fr\/conception-de-jardins\/","title":{"rendered":"Conception de jardins"},"content":{"rendered":"\t\t<div data-elementor-type=\"wp-page\" data-elementor-id=\"2152\" class=\"elementor elementor-2152 elementor-19\" data-elementor-post-type=\"page\">\n\t\t\t\t<div class=\"elementor-element elementor-element-5cd1fda e-flex e-con-boxed e-con e-parent\" data-id=\"5cd1fda\" data-element_type=\"container\">\n\t\t\t\t\t<div class=\"e-con-inner\">\n\t\t\t\t<div class=\"elementor-element elementor-element-58df50e elementor-widget elementor-widget-image\" data-id=\"58df50e\" data-element_type=\"widget\" data-widget_type=\"image.default\">\n\t\t\t\t\t\t\t\t\t\t\t\t\t\t\t<img fetchpriority=\"high\" decoding=\"async\" width=\"2560\" height=\"1000\" src=\"https:\/\/www.erreagiardini.it\/wp-content\/uploads\/2025\/11\/Richiedi-preventivo-scaled.jpg\" class=\"attachment-full size-full wp-image-2011\" alt=\"\" srcset=\"https:\/\/www.erreagiardini.it\/wp-content\/uploads\/2025\/11\/Richiedi-preventivo-scaled.jpg 2560w, https:\/\/www.erreagiardini.it\/wp-content\/uploads\/2025\/11\/Richiedi-preventivo-300x117.jpg 300w, https:\/\/www.erreagiardini.it\/wp-content\/uploads\/2025\/11\/Richiedi-preventivo-1024x400.jpg 1024w, https:\/\/www.erreagiardini.it\/wp-content\/uploads\/2025\/11\/Richiedi-preventivo-768x300.jpg 768w, https:\/\/www.erreagiardini.it\/wp-content\/uploads\/2025\/11\/Richiedi-preventivo-1536x600.jpg 1536w, https:\/\/www.erreagiardini.it\/wp-content\/uploads\/2025\/11\/Richiedi-preventivo-2048x800.jpg 2048w\" sizes=\"(max-width: 2560px) 100vw, 2560px\" \/>\t\t\t\t\t\t\t\t\t\t\t\t\t\t\t<\/div>\n\t\t\t\t\t<\/div>\n\t\t\t\t<\/div>\n\t\t<div class=\"elementor-element elementor-element-bac0eba e-flex e-con-boxed e-con e-parent\" data-id=\"bac0eba\" data-element_type=\"container\">\n\t\t\t\t\t<div class=\"e-con-inner\">\n\t\t<div class=\"elementor-element elementor-element-5761607 e-con-full e-flex e-con e-child\" data-id=\"5761607\" data-element_type=\"container\">\n\t\t<div class=\"elementor-element elementor-element-26387c0 e-con-full e-flex e-con e-child\" data-id=\"26387c0\" data-element_type=\"container\">\n\t\t\t\t<div class=\"elementor-element elementor-element-4d30fb1 elementor-widget elementor-widget-heading\" data-id=\"4d30fb1\" data-element_type=\"widget\" data-widget_type=\"heading.default\">\n\t\t\t\t\t<h1 class=\"elementor-heading-title elementor-size-default\">Conception de jardins<\/h1>\t\t\t\t<\/div>\n\t\t\t\t<\/div>\n\t\t\t\t<\/div>\n\t\t<div class=\"elementor-element elementor-element-a185186 e-con-full e-flex e-con e-child\" data-id=\"a185186\" data-element_type=\"container\">\n\t\t\t\t<div class=\"elementor-element elementor-element-46e6572 elementor-widget elementor-widget-heading\" data-id=\"46e6572\" data-element_type=\"widget\" data-widget_type=\"heading.default\">\n\t\t\t\t\t<h4 class=\"elementor-heading-title elementor-size-default\">La conception d'un jardin est la premi\u00e8re \u00e9tape pour cr\u00e9er un espace vert fonctionnel et durable.<\/h4>\t\t\t\t<\/div>\n\t\t\t\t<\/div>\n\t\t\t\t\t<\/div>\n\t\t\t\t<\/div>\n\t\t<div class=\"elementor-element elementor-element-285d59d e-flex e-con-boxed e-con e-parent\" data-id=\"285d59d\" data-element_type=\"container\">\n\t\t\t\t\t<div class=\"e-con-inner\">\n\t\t\t\t<div class=\"elementor-element elementor-element-da32525 elementor-widget elementor-widget-text-editor\" data-id=\"da32525\" data-element_type=\"widget\" data-widget_type=\"text-editor.default\">\n\t\t\t\t\t\t\t\t\t<p>La <strong>conception d&rsquo;un jardin<\/strong> n\u00e9cessite des comp\u00e9tences techniques, une connaissance approfondie des plantes et une vision esth\u00e9tique capable de transformer chaque espace vert en un environnement harmonieux et fonctionnel. Gr\u00e2ce \u00e0 notre exp\u00e9rience acquise sur le territoire, nous sommes en mesure d&rsquo;\u00e9valuer avec pr\u00e9cision l&rsquo;adaptation des diff\u00e9rentes esp\u00e8ces aux conditions naturelles locales et de g\u00e9rer les \u00e9ventuelles difficult\u00e9s, telles que des sols de mauvaise qualit\u00e9 ou des syst\u00e8mes d&rsquo;irrigation inad\u00e9quats. <\/p><p>Notre travail allie technique et cr\u00e9ativit\u00e9 : nous \u00e9tudions les besoins du client, analysons le contexte et concevons un jardin qui refl\u00e8te son style, tout en garantissant durabilit\u00e9, praticit\u00e9 et beaut\u00e9 dans le temps.<\/p><p>La <strong>r\u00e9alisation de votre jardin<\/strong> se fait \u00e0 travers un processus complet : conception, fourniture des mat\u00e9riaux et mise en \u0153uvre effectu\u00e9e par des <strong>jardiniers professionnels<\/strong> sp\u00e9cialis\u00e9s dans la cr\u00e9ation d&rsquo;espaces verts personnalis\u00e9s.<\/p><p>Nous op\u00e9rons sur la <strong>C\u00f4te d&rsquo;Azur<\/strong> et dans les provinces d&rsquo;<strong>Imperia<\/strong> et de <strong>Savone<\/strong>, offrant un service attentif, comp\u00e9tent et orient\u00e9 vers la pleine satisfaction du client.<\/p>\t\t\t\t\t\t\t\t<\/div>\n\t\t\t\t\t<\/div>\n\t\t\t\t<\/div>\n\t\t<div class=\"elementor-element elementor-element-994629d e-flex e-con-boxed e-con e-parent\" data-id=\"994629d\" data-element_type=\"container\">\n\t\t\t\t\t<div class=\"e-con-inner\">\n\t\t\t\t<div class=\"elementor-element elementor-element-8f9ce97 elementor-widget-divider--view-line elementor-widget elementor-widget-divider\" data-id=\"8f9ce97\" data-element_type=\"widget\" data-widget_type=\"divider.default\">\n\t\t\t\t\t\t\t<div class=\"elementor-divider\">\n\t\t\t<span class=\"elementor-divider-separator\">\n\t\t\t\t\t\t<\/span>\n\t\t<\/div>\n\t\t\t\t\t\t<\/div>\n\t\t\t\t\t<\/div>\n\t\t\t\t<\/div>\n\t\t<div class=\"elementor-element elementor-element-ad54cf4 e-flex e-con-boxed e-con e-parent\" data-id=\"ad54cf4\" data-element_type=\"container\">\n\t\t\t\t\t<div class=\"e-con-inner\">\n\t\t\t\t<div class=\"elementor-element elementor-element-b703f8f elementor-widget elementor-widget-text-editor\" data-id=\"b703f8f\" data-element_type=\"widget\" data-widget_type=\"text-editor.default\">\n\t\t\t\t\t\t\t\t\t<p data-start=\"1457\" data-end=\"1589\"><strong data-start=\"1457\" data-end=\"1502\">Services de conception et d&rsquo;installation :<\/strong><br data-start=\"1502\" data-end=\"1505\">En plus de la conception classique d&rsquo;espaces verts, nous proposons des solutions compl\u00e8tes pour :<\/p><ul data-start=\"1590\" data-end=\"2316\"><li data-start=\"1590\" data-end=\"1754\"><p data-start=\"1592\" data-end=\"1754\"><strong data-start=\"1592\" data-end=\"1619\">Syst\u00e8mes d&rsquo;irrigation<\/strong> : conception et installation de syst\u00e8mes efficaces pour maintenir la pelouse et les plantes toujours vertes, r\u00e9duisant le gaspillage d&rsquo;eau.<\/p><\/li><li data-start=\"1755\" data-end=\"1920\"><p data-start=\"1757\" data-end=\"1920\"><strong data-start=\"2189\" data-end=\"2223\"><a style=\"text-decoration: underline;\" href=\"https:\/\/www.erreagiardini.it\/illuminazione-spazi-esterni-giardino\/\">\u00c9clairage de jardin<\/a><\/strong> : installation d&rsquo;\u00e9clairages ext\u00e9rieurs, lampes et syst\u00e8mes d&rsquo;\u00e9clairage pour valoriser chaque coin de votre jardin m\u00eame le soir.<\/p><\/li><li data-start=\"1921\" data-end=\"2062\"><p data-start=\"1923\" data-end=\"2062\"><strong data-start=\"1923\" data-end=\"1950\">Palissades et cl\u00f4tures<\/strong> : structures en bois ou mat\u00e9riaux naturels pour cr\u00e9er de l&rsquo;intimit\u00e9, d\u00e9limiter des zones ou embellir le contexte ext\u00e9rieur.<\/p><\/li><li data-start=\"2063\" data-end=\"2186\"><p data-start=\"2065\" data-end=\"2186\"><strong data-start=\"2065\" data-end=\"2104\">Rev\u00eatements de sol et parquets d&rsquo;ext\u00e9rieur<\/strong> : surfaces r\u00e9sistantes et design, id\u00e9ales pour les all\u00e9es, patios et zones de d\u00e9tente.<\/p><\/li><li data-start=\"2187\" data-end=\"2316\"><p data-start=\"2189\" data-end=\"2316\"><strong data-start=\"2189\" data-end=\"2223\"><a style=\"text-decoration: underline;\" href=\"https:\/\/www.erreagiardini.it\/fr\/pergolas\/\">Gazebos et structures d&rsquo;ext\u00e9rieur<\/a><\/strong> : installation d&rsquo;espaces couverts pour profiter du jardin dans toutes les conditions climatiques.<\/p><\/li><\/ul><p data-start=\"2318\" data-end=\"2570\">La r\u00e9alisation de votre jardin s&rsquo;effectue \u00e0 travers un parcours complet : <strong data-start=\"2396\" data-end=\"2506\">de la conception \u00e0 la fourniture des mat\u00e9riaux, jusqu&rsquo;\u00e0 la mise en \u0153uvre ex\u00e9cut\u00e9e par des jardiniers exp\u00e9riment\u00e9s<\/strong>, sp\u00e9cialis\u00e9s dans la cr\u00e9ation d&rsquo;espaces verts personnalis\u00e9s.<\/p>\t\t\t\t\t\t\t\t<\/div>\n\t\t\t\t\t<\/div>\n\t\t\t\t<\/div>\n\t\t\t\t<\/div>\n\t\t","protected":false},"excerpt":{"rendered":"<p>La conception d&rsquo;un jardin n\u00e9cessite des comp\u00e9tences techniques, une connaissance approfondie des plantes et une vision esth\u00e9tique capable de transformer chaque espace vert en un environnement harmonieux et fonctionnel. Gr\u00e2ce \u00e0 notre exp\u00e9rience acquise sur le territoire, nous sommes en mesure d&rsquo;\u00e9valuer avec pr\u00e9cision l&rsquo;adaptation des diff\u00e9rentes esp\u00e8ces aux conditions naturelles locales et de g\u00e9rer d&rsquo;\u00e9ventuelles difficult\u00e9s, comme les terrains de mauvaise qualit\u00e9 ou les syst\u00e8mes hydriques inad\u00e9quats. <\/p>\n","protected":false},"author":1,"featured_media":2012,"parent":0,"menu_order":0,"comment_status":"closed","ping_status":"closed","template":"","meta":{"footnotes":""},"class_list":["post-2152","page","type-page","status-publish","has-post-thumbnail","hentry"],"yoast_head":"<!-- This site is optimized with the Yoast SEO plugin v26.4 - https:\/\/yoast.com\/wordpress\/plugins\/seo\/ -->\n<title>Conception et R\u00e9alisation de Jardins \u00e0 Imperia - Errea Giardini<\/title>\n<meta name=\"description\" content=\"De l&#039;id\u00e9e \u00e0 la r\u00e9alit\u00e9 : conception paysag\u00e8re et r\u00e9alisation de jardins et d&#039;espaces verts \u00e0 Imperia pour des solutions sur mesure\" \/>\n<meta name=\"robots\" content=\"index, follow, max-snippet:-1, max-image-preview:large, max-video-preview:-1\" \/>\n<link rel=\"canonical\" href=\"https:\/\/www.erreagiardini.it\/fr\/conception-de-jardins\/\" \/>\n<meta property=\"og:locale\" content=\"fr_FR\" \/>\n<meta property=\"og:type\" content=\"article\" \/>\n<meta property=\"og:title\" content=\"Conception et R\u00e9alisation de Jardins \u00e0 Imperia - Errea Giardini\" \/>\n<meta property=\"og:description\" content=\"De l&#039;id\u00e9e \u00e0 la r\u00e9alit\u00e9 : conception paysag\u00e8re et r\u00e9alisation de jardins et d&#039;espaces verts \u00e0 Imperia pour des solutions sur mesure\" \/>\n<meta property=\"og:url\" content=\"https:\/\/www.erreagiardini.it\/fr\/conception-de-jardins\/\" \/>\n<meta property=\"og:site_name\" content=\"Errea Giardini\" \/>\n<meta property=\"article:publisher\" content=\"https:\/\/www.facebook.com\/erreagiardini\" \/>\n<meta property=\"article:modified_time\" content=\"2026-01-22T13:45:25+00:00\" \/>\n<meta property=\"og:image\" content=\"https:\/\/www.erreagiardini.it\/wp-content\/uploads\/2025\/11\/IMG-20240711-WA0035-copia.jpg\" \/>\n\t<meta property=\"og:image:width\" content=\"645\" \/>\n\t<meta property=\"og:image:height\" content=\"1148\" \/>\n\t<meta property=\"og:image:type\" content=\"image\/jpeg\" \/>\n<meta name=\"twitter:card\" content=\"summary_large_image\" \/>\n<meta name=\"twitter:label1\" content=\"Dur\u00e9e de lecture estim\u00e9e\" \/>\n\t<meta name=\"twitter:data1\" content=\"2 minutes\" \/>\n<script type=\"application\/ld+json\" class=\"yoast-schema-graph\">{\"@context\":\"https:\/\/schema.org\",\"@graph\":[{\"@type\":\"WebPage\",\"@id\":\"https:\/\/www.erreagiardini.it\/fr\/conception-de-jardins\/\",\"url\":\"https:\/\/www.erreagiardini.it\/fr\/conception-de-jardins\/\",\"name\":\"Conception et R\u00e9alisation de Jardins \u00e0 Imperia - Errea Giardini\",\"isPartOf\":{\"@id\":\"https:\/\/www.erreagiardini.it\/fr\/#website\"},\"primaryImageOfPage\":{\"@id\":\"https:\/\/www.erreagiardini.it\/fr\/conception-de-jardins\/#primaryimage\"},\"image\":{\"@id\":\"https:\/\/www.erreagiardini.it\/fr\/conception-de-jardins\/#primaryimage\"},\"thumbnailUrl\":\"https:\/\/www.erreagiardini.it\/wp-content\/uploads\/2025\/11\/IMG-20240711-WA0035-copia.jpg\",\"datePublished\":\"2025-11-02T17:27:33+00:00\",\"dateModified\":\"2026-01-22T13:45:25+00:00\",\"description\":\"De l'id\u00e9e \u00e0 la r\u00e9alit\u00e9 : conception paysag\u00e8re et r\u00e9alisation de jardins et d'espaces verts \u00e0 Imperia pour des solutions sur mesure\",\"breadcrumb\":{\"@id\":\"https:\/\/www.erreagiardini.it\/fr\/conception-de-jardins\/#breadcrumb\"},\"inLanguage\":\"fr-FR\",\"potentialAction\":[{\"@type\":\"ReadAction\",\"target\":[\"https:\/\/www.erreagiardini.it\/fr\/conception-de-jardins\/\"]}]},{\"@type\":\"ImageObject\",\"inLanguage\":\"fr-FR\",\"@id\":\"https:\/\/www.erreagiardini.it\/fr\/conception-de-jardins\/#primaryimage\",\"url\":\"https:\/\/www.erreagiardini.it\/wp-content\/uploads\/2025\/11\/IMG-20240711-WA0035-copia.jpg\",\"contentUrl\":\"https:\/\/www.erreagiardini.it\/wp-content\/uploads\/2025\/11\/IMG-20240711-WA0035-copia.jpg\",\"width\":645,\"height\":1148,\"caption\":\"Installation de pelouse verte avec tapis Imperia\"},{\"@type\":\"BreadcrumbList\",\"@id\":\"https:\/\/www.erreagiardini.it\/fr\/conception-de-jardins\/#breadcrumb\",\"itemListElement\":[{\"@type\":\"ListItem\",\"position\":1,\"name\":\"Accueil\",\"item\":\"https:\/\/www.erreagiardini.it\/fr\/accueil\/\"},{\"@type\":\"ListItem\",\"position\":2,\"name\":\"Conception de jardins\"}]},{\"@type\":\"WebSite\",\"@id\":\"https:\/\/www.erreagiardini.it\/fr\/#website\",\"url\":\"https:\/\/www.erreagiardini.it\/fr\/\",\"name\":\"Errea Giardini\",\"description\":\"Errea Giardini snc est une entreprise sp\u00e9cialis\u00e9e dans la conception de jardins et la construction de piscines sur Imperia, sa province et la C\u00f4te d'Azur (Menton-Nice). Nous offrons des services complets pour particuliers, copropri\u00e9t\u00e9s et collectivit\u00e9s publiques : conception et entretien d'espaces verts, tailles professionnelles, r\u00e9alisation de piscines sur mesure (biopiscines, piscines en ma\u00e7onnerie, b\u00e9ton arm\u00e9, hors-sol et enterr\u00e9es), fourniture et pose de gazon synth\u00e9tique. Notre force r\u00e9side dans la polyvalence alli\u00e9e \u00e0 une haute qualit\u00e9 d'ex\u00e9cution dans chaque projet. Nous desservons toute la province d'Imperia et la zone transfrontali\u00e8re fran\u00e7aise. Visites gratuites et devis personnalis\u00e9s sans engagement. Contactez-nous pour transformer votre espace vert.     \",\"publisher\":{\"@id\":\"https:\/\/www.erreagiardini.it\/fr\/#organization\"},\"potentialAction\":[{\"@type\":\"SearchAction\",\"target\":{\"@type\":\"EntryPoint\",\"urlTemplate\":\"https:\/\/www.erreagiardini.it\/fr\/?s={search_term_string}\"},\"query-input\":{\"@type\":\"PropertyValueSpecification\",\"valueRequired\":true,\"valueName\":\"search_term_string\"}}],\"inLanguage\":\"fr-FR\"},{\"@type\":\"Organization\",\"@id\":\"https:\/\/www.erreagiardini.it\/fr\/#organization\",\"name\":\"Errea Giardini S.N.C.\",\"url\":\"https:\/\/www.erreagiardini.it\/fr\/\",\"logo\":{\"@type\":\"ImageObject\",\"inLanguage\":\"fr-FR\",\"@id\":\"https:\/\/www.erreagiardini.it\/fr\/#\/schema\/logo\/image\/\",\"url\":\"https:\/\/www.erreagiardini.it\/wp-content\/uploads\/2025\/11\/logo.1.jpeg\",\"contentUrl\":\"https:\/\/www.erreagiardini.it\/wp-content\/uploads\/2025\/11\/logo.1.jpeg\",\"width\":380,\"height\":269,\"caption\":\"Errea Giardini S.N.C.\"},\"image\":{\"@id\":\"https:\/\/www.erreagiardini.it\/fr\/#\/schema\/logo\/image\/\"},\"sameAs\":[\"https:\/\/www.facebook.com\/erreagiardini\"]}]}<\/script>\n<!-- \/ Yoast SEO plugin. -->","yoast_head_json":{"title":"Conception et R\u00e9alisation de Jardins \u00e0 Imperia - Errea Giardini","description":"De l'id\u00e9e \u00e0 la r\u00e9alit\u00e9 : conception paysag\u00e8re et r\u00e9alisation de jardins et d'espaces verts \u00e0 Imperia pour des solutions sur mesure","robots":{"index":"index","follow":"follow","max-snippet":"max-snippet:-1","max-image-preview":"max-image-preview:large","max-video-preview":"max-video-preview:-1"},"canonical":"https:\/\/www.erreagiardini.it\/fr\/conception-de-jardins\/","og_locale":"fr_FR","og_type":"article","og_title":"Conception et R\u00e9alisation de Jardins \u00e0 Imperia - Errea Giardini","og_description":"De l'id\u00e9e \u00e0 la r\u00e9alit\u00e9 : conception paysag\u00e8re et r\u00e9alisation de jardins et d'espaces verts \u00e0 Imperia pour des solutions sur mesure","og_url":"https:\/\/www.erreagiardini.it\/fr\/conception-de-jardins\/","og_site_name":"Errea Giardini","article_publisher":"https:\/\/www.facebook.com\/erreagiardini","article_modified_time":"2026-01-22T13:45:25+00:00","og_image":[{"width":645,"height":1148,"url":"https:\/\/www.erreagiardini.it\/wp-content\/uploads\/2025\/11\/IMG-20240711-WA0035-copia.jpg","type":"image\/jpeg"}],"twitter_card":"summary_large_image","twitter_misc":{"Dur\u00e9e de lecture estim\u00e9e":"2 minutes"},"schema":{"@context":"https:\/\/schema.org","@graph":[{"@type":"WebPage","@id":"https:\/\/www.erreagiardini.it\/fr\/conception-de-jardins\/","url":"https:\/\/www.erreagiardini.it\/fr\/conception-de-jardins\/","name":"Conception et R\u00e9alisation de Jardins \u00e0 Imperia - Errea Giardini","isPartOf":{"@id":"https:\/\/www.erreagiardini.it\/fr\/#website"},"primaryImageOfPage":{"@id":"https:\/\/www.erreagiardini.it\/fr\/conception-de-jardins\/#primaryimage"},"image":{"@id":"https:\/\/www.erreagiardini.it\/fr\/conception-de-jardins\/#primaryimage"},"thumbnailUrl":"https:\/\/www.erreagiardini.it\/wp-content\/uploads\/2025\/11\/IMG-20240711-WA0035-copia.jpg","datePublished":"2025-11-02T17:27:33+00:00","dateModified":"2026-01-22T13:45:25+00:00","description":"De l'id\u00e9e \u00e0 la r\u00e9alit\u00e9 : conception paysag\u00e8re et r\u00e9alisation de jardins et d'espaces verts \u00e0 Imperia pour des solutions sur mesure","breadcrumb":{"@id":"https:\/\/www.erreagiardini.it\/fr\/conception-de-jardins\/#breadcrumb"},"inLanguage":"fr-FR","potentialAction":[{"@type":"ReadAction","target":["https:\/\/www.erreagiardini.it\/fr\/conception-de-jardins\/"]}]},{"@type":"ImageObject","inLanguage":"fr-FR","@id":"https:\/\/www.erreagiardini.it\/fr\/conception-de-jardins\/#primaryimage","url":"https:\/\/www.erreagiardini.it\/wp-content\/uploads\/2025\/11\/IMG-20240711-WA0035-copia.jpg","contentUrl":"https:\/\/www.erreagiardini.it\/wp-content\/uploads\/2025\/11\/IMG-20240711-WA0035-copia.jpg","width":645,"height":1148,"caption":"Installation de pelouse verte avec tapis Imperia"},{"@type":"BreadcrumbList","@id":"https:\/\/www.erreagiardini.it\/fr\/conception-de-jardins\/#breadcrumb","itemListElement":[{"@type":"ListItem","position":1,"name":"Accueil","item":"https:\/\/www.erreagiardini.it\/fr\/accueil\/"},{"@type":"ListItem","position":2,"name":"Conception de jardins"}]},{"@type":"WebSite","@id":"https:\/\/www.erreagiardini.it\/fr\/#website","url":"https:\/\/www.erreagiardini.it\/fr\/","name":"Errea Giardini","description":"Errea Giardini snc est une entreprise sp\u00e9cialis\u00e9e dans la conception de jardins et la construction de piscines sur Imperia, sa province et la C\u00f4te d'Azur (Menton-Nice). Nous offrons des services complets pour particuliers, copropri\u00e9t\u00e9s et collectivit\u00e9s publiques : conception et entretien d'espaces verts, tailles professionnelles, r\u00e9alisation de piscines sur mesure (biopiscines, piscines en ma\u00e7onnerie, b\u00e9ton arm\u00e9, hors-sol et enterr\u00e9es), fourniture et pose de gazon synth\u00e9tique. Notre force r\u00e9side dans la polyvalence alli\u00e9e \u00e0 une haute qualit\u00e9 d'ex\u00e9cution dans chaque projet. Nous desservons toute la province d'Imperia et la zone transfrontali\u00e8re fran\u00e7aise. Visites gratuites et devis personnalis\u00e9s sans engagement. Contactez-nous pour transformer votre espace vert.     ","publisher":{"@id":"https:\/\/www.erreagiardini.it\/fr\/#organization"},"potentialAction":[{"@type":"SearchAction","target":{"@type":"EntryPoint","urlTemplate":"https:\/\/www.erreagiardini.it\/fr\/?s={search_term_string}"},"query-input":{"@type":"PropertyValueSpecification","valueRequired":true,"valueName":"search_term_string"}}],"inLanguage":"fr-FR"},{"@type":"Organization","@id":"https:\/\/www.erreagiardini.it\/fr\/#organization","name":"Errea Giardini S.N.C.","url":"https:\/\/www.erreagiardini.it\/fr\/","logo":{"@type":"ImageObject","inLanguage":"fr-FR","@id":"https:\/\/www.erreagiardini.it\/fr\/#\/schema\/logo\/image\/","url":"https:\/\/www.erreagiardini.it\/wp-content\/uploads\/2025\/11\/logo.1.jpeg","contentUrl":"https:\/\/www.erreagiardini.it\/wp-content\/uploads\/2025\/11\/logo.1.jpeg","width":380,"height":269,"caption":"Errea Giardini S.N.C."},"image":{"@id":"https:\/\/www.erreagiardini.it\/fr\/#\/schema\/logo\/image\/"},"sameAs":["https:\/\/www.facebook.com\/erreagiardini"]}]}},"_links":{"self":[{"href":"https:\/\/www.erreagiardini.it\/fr\/wp-json\/wp\/v2\/pages\/2152","targetHints":{"allow":["GET"]}}],"collection":[{"href":"https:\/\/www.erreagiardini.it\/fr\/wp-json\/wp\/v2\/pages"}],"about":[{"href":"https:\/\/www.erreagiardini.it\/fr\/wp-json\/wp\/v2\/types\/page"}],"author":[{"embeddable":true,"href":"https:\/\/www.erreagiardini.it\/fr\/wp-json\/wp\/v2\/users\/1"}],"replies":[{"embeddable":true,"href":"https:\/\/www.erreagiardini.it\/fr\/wp-json\/wp\/v2\/comments?post=2152"}],"version-history":[{"count":3,"href":"https:\/\/www.erreagiardini.it\/fr\/wp-json\/wp\/v2\/pages\/2152\/revisions"}],"predecessor-version":[{"id":2404,"href":"https:\/\/www.erreagiardini.it\/fr\/wp-json\/wp\/v2\/pages\/2152\/revisions\/2404"}],"wp:featuredmedia":[{"embeddable":true,"href":"https:\/\/www.erreagiardini.it\/fr\/wp-json\/wp\/v2\/media\/2012"}],"wp:attachment":[{"href":"https:\/\/www.erreagiardini.it\/fr\/wp-json\/wp\/v2\/media?parent=2152"}],"curies":[{"name":"wp","href":"https:\/\/api.w.org\/{rel}","templated":true}]}}